{"version":"1.0","provider_name":"Van der Ent Mudanzas","provider_url":"https:\/\/vanderentmudanzas.com\/de\/","author_name":"admin","author_url":"https:\/\/vanderentmudanzas.com\/de\/author\/van der Ent\/","title":"Umzug nach Benalm\u00e1dena - Van der Ent Mudanzas","type":"rich","width":600,"height":338,"html":"<blockquote class=\"wp-embedded-content\" data-secret=\"sXr19C50lR\"><a href=\"https:\/\/vanderentmudanzas.com\/de\/umzug-nach-benalmadena\/\">Umzug nach Benalm\u00e1dena<\/a><\/blockquote><iframe sandbox=\"allow-scripts\" security=\"restricted\" src=\"https:\/\/vanderentmudanzas.com\/de\/umzug-nach-benalmadena\/embed\/#?secret=sXr19C50lR\" width=\"600\" height=\"338\" title=\"&#8222;Umzug nach Benalm\u00e1dena&#8220; &#8211; Van der Ent Mudanzas\" data-secret=\"sXr19C50lR\" frameborder=\"0\" marginwidth=\"0\" marginheight=\"0\" scrolling=\"no\" class=\"wp-embedded-content\"><\/iframe><script>\n\/*! This file is auto-generated *\/\n!function(d,l){\"use strict\";l.querySelector&&d.addEventListener&&\"undefined\"!=typeof URL&&(d.wp=d.wp||{},d.wp.receiveEmbedMessage||(d.wp.receiveEmbedMessage=function(e){var t=e.data;if((t||t.secret||t.message||t.value)&&!\/[^a-zA-Z0-9]\/.test(t.secret)){for(var s,r,n,a=l.querySelectorAll('iframe[data-secret=\"'+t.secret+'\"]'),o=l.querySelectorAll('blockquote[data-secret=\"'+t.secret+'\"]'),c=new RegExp(\"^https?:$\",\"i\"),i=0;i<o.length;i++)o[i].style.display=\"none\";for(i=0;i<a.length;i++)s=a[i],e.source===s.contentWindow&&(s.removeAttribute(\"style\"),\"height\"===t.message?(1e3<(r=parseInt(t.value,10))?r=1e3:~~r<200&&(r=200),s.height=r):\"link\"===t.message&&(r=new URL(s.getAttribute(\"src\")),n=new URL(t.value),c.test(n.protocol))&&n.host===r.host&&l.activeElement===s&&(d.top.location.href=t.value))}},d.addEventListener(\"message\",d.wp.receiveEmbedMessage,!1),l.addEventListener(\"DOMContentLoaded\",function(){for(var e,t,s=l.querySelectorAll(\"iframe.wp-embedded-content\"),r=0;r<s.length;r++)(t=(e=s[r]).getAttribute(\"data-secret\"))||(t=Math.random().toString(36).substring(2,12),e.src+=\"#?secret=\"+t,e.setAttribute(\"data-secret\",t)),e.contentWindow.postMessage({message:\"ready\",secret:t},\"*\")},!1)))}(window,document);\n<\/script>\n","thumbnail_url":"https:\/\/vanderentmudanzas.com\/wp-content\/uploads\/2018\/10\/Mudanza-Benalm\u00e1dena-1-1.jpg","thumbnail_width":842,"thumbnail_height":413,"description":"Wenn Sie \u00fcberlegen, nach Benalm\u00e1dena Pueblo, nach Arroyo de la Miel oder Benalm\u00e1dena Costa zu ziehen, sprechen Sie mit unseren Experten. Seit 1999 sind wir Marktf\u00fchrer bei Umz\u00fcgen an die Costa del Sol und wir sind ganz in der N\u00e4he in Mijas Costa. Wir bieten eine individuelle Beratung f\u00fcr Ihren ma\u00dfgeschneiderten Umzug nach Ihren W\u00fcnschen&hellip; Ohne Titel weiterlesen"}