{"id":3099,"date":"2023-07-26T08:14:26","date_gmt":"2023-07-26T08:14:26","guid":{"rendered":"https:\/\/hakotrans.madeinmedia.online\/?page_id=3099"},"modified":"2024-07-24T07:47:42","modified_gmt":"2024-07-24T07:47:42","slug":"politica-de-privacidad","status":"publish","type":"page","link":"https:\/\/vanderentmudanzas.com\/de\/politica-de-privacidad\/","title":{"rendered":"Pol\u00edtica de Privacidad"},"content":{"rendered":"<h1>POL\u00cdTICA DE PRIVACIDAD<\/h1>\n<h3>PRIVACIDAD \u2013 INFORMACI\u00d3N AMPLIADA<\/h3>\n<p>La Pol\u00edtica de Privacidad forma parte de las Condiciones Generales que rigen la presente\u00a0Web.<\/p>\n<h3>\u00bfQui\u00e9n es el responsable del tratamiento de tus datos?<\/h3>\n<p>van der Ent Mudanzas Internacionales SL.\u00a0\u00a0CIF: B92093418<\/p>\n<p>Domicilio: Calle Mar\u00eda Malibr\u00e1n 10, oficina 1D<\/p>\n<p>P.I. Tr\u00e9venez<\/p>\n<p>29590 M\u00e1laga.<\/p>\n<p>Tfno: +34 952587619<\/p>\n<p>Mail:\u00a0<a href=\"mailto:administracion@vanderentmudanzas.com\">administracion@vanderentmudanzas.com<\/a><\/p>\n<p>Puedes dirigirte de cualquier forma para comunicarte con nosotros.<\/p>\n<p>Nos reservamos el derecho a modificar o adaptar la presente Pol\u00edtica de Privacidad en cualquier momento. Te recomendamos revisar la misma, y si te has registrado y accedes a tu cuenta o perfil, se te informar\u00e1 de las modificaciones. Si eres alguno de los siguientes colectivos, consulta la informaci\u00f3n desplegable:<\/p>\n<h3>+ CONTACTOS DE LA WEB O DEL CORREO ELECTR\u00d3NICO<\/h3>\n<h3>\u00bfQu\u00e9 datos recopilamos a trav\u00e9s de la Web?<\/h3>\n<p>Podemos tratar tu IP, qu\u00e9 sistema operativo o navegador usas, e incluso la duraci\u00f3n de tu visita, de forma an\u00f3nima.Si nos facilitas datos en el formulario de contacto , te identificar\u00e1s para poder contactar contigo, en caso de que sea necesario.<\/p>\n<h3>\u00bfCon que finalidades vamos a tratar tus datos personales?<\/h3>\n<ul>\n<li>Contestar a tus consultas, solicitudes\u00a0\u00a0o peticiones.<\/li>\n<li>Gestionar el servicio solicitado, contestar tu solicitud, o tramitar tu petici\u00f3n.<\/li>\n<li>Informaci\u00f3n por medios electr\u00f3nicos, que versen sobre tu solicitud.<\/li>\n<li>Informaci\u00f3n comercial o de eventos por medios electr\u00f3nicos, siempre que exista autorizaci\u00f3n expresa.<\/li>\n<li>Realizar an\u00e1lisis y mejoras en la Web, sobre nuestros productos y servicios.\u00a0Mejorar nuestra estrategia comercial.<\/li>\n<\/ul>\n<h3>\u00bfCu\u00e1l es la legitimaci\u00f3n para el tratamiento de tus datos?<\/h3>\n<p>La aceptaci\u00f3n y consentimiento del interesado: En aquellos casos donde para realizar una solicitud sea necesario cumplimentar un formulario y hacer un &#8222;click&#8220; en el bot\u00f3n de enviar, la realizaci\u00f3n del mismo implicar\u00e1 necesariamente que ha sido informado y ha otorgado expresamente su consentimiento al contenido de la cl\u00e1usula anexada a dicho formulario o aceptaci\u00f3n de la pol\u00edtica de privacidad.\u00a0Le recordamos que podr\u00e1 revocar el consentimiento en cualquier momento.<\/p>\n<p>Todos nuestros formularios cuentan con el s\u00edmbolo * en los datos obligatorios. Si no facilitas esos campos, o no marcas el checkbox de aceptaci\u00f3n de la pol\u00edtica de privacidad, no se permitir\u00e1 el env\u00edo de la informaci\u00f3n. Normalmente tiene la siguiente f\u00f3rmula: \u201c\u25a1Soy mayor de 14 y he le\u00eddo y acepto la Pol\u00edtica de privacidad.\u201d<\/p>\n<h3>+ CONTACTOS DEL NEWSLETTER<\/h3>\n<h3>\u00bfQu\u00e9 datos recopilamos a trav\u00e9s del newsletter?<\/h3>\n<p>En la Web, se permite suscribirse al Newsletter, si nos facilitas una direcci\u00f3n de correo electr\u00f3nico, a la que se remitir\u00e1 la misma.<\/p>\n<p>Almacenaremos \u00fanicamente tu email en nuestra base de datos, y procederemos a enviarte correos peri\u00f3dicamente, hasta que solicites la baja, o dejemos de enviar correos.<\/p>\n<p>El Newsletter puede tener Web beacon, que nos confirma estad\u00edsticamente si lo has abierto, a qu\u00e9 hora o cuantas veces. Nos vale para estudiar los mejores horarios de env\u00edo y qu\u00e9 te interesa, pero no tendremos informaci\u00f3n personal de t\u00ed, s\u00f3lo tu email.<\/p>\n<p>Adem\u00e1s, la aplicaci\u00f3n de mailing es de USA, y puede haber transferencia internacional de datos a servidores de ese pa\u00eds.<\/p>\n<p>Siempre tendr\u00e1s la opci\u00f3n de darte de baja, en cualquier comunicaci\u00f3n.<\/p>\n<h3>\u00bfCon que finalidades vamos a tratar tus datos personales?<\/h3>\n<ul>\n<li>Gestionar el servicio solicitado.<\/li>\n<li>Informaci\u00f3n por medios electr\u00f3nicos, que versen sobre tu solicitud.<\/li>\n<li>Informaci\u00f3n comercial o de eventos por medios electr\u00f3nicos, siempre que exista autorizaci\u00f3n expresa.<\/li>\n<li>Realizar an\u00e1lisis y mejoras en el env\u00edo de mailing, para mejorar nuestra estrategia comercial.<\/li>\n<\/ul>\n<h3>\u00bfCu\u00e1l es la legitimaci\u00f3n para el tratamiento de tus datos?<\/h3>\n<p>La aceptaci\u00f3n y consentimiento del interesado: En aquellos casos donde te suscribas ser\u00e1 necesario aceptar un checkbox y clicar en el bot\u00f3n de enviar. Ello implicara necesariamente que has sido informado y has otorgado expresamente tu consentimiento a la recepci\u00f3n del newsletter.\u00a0Le recordamos que podr\u00e1 revocar el consentimiento en cualquier momento.<\/p>\n<p>Si no marcas el checkbox de aceptaci\u00f3n de la pol\u00edtica de privacidad, no se permitir\u00e1 el env\u00edo de la informaci\u00f3n. Normalmente tiene la siguiente f\u00f3rmula: \u201c\u25a1Soy mayor de 14 y he le\u00eddo y acepto la Pol\u00edtica de privacidad.\u201d<\/p>\n<h3>+CLIENTES<\/h3>\n<h3>\u00bfCon que finalidades vamos a tratar tus datos personales?<\/h3>\n<ul>\n<li>Gesti\u00f3n y realizaci\u00f3n de mudanzas, traslado a trav\u00e9s de Europa de mercanc\u00edas.<\/li>\n<li>Gesti\u00f3n de licencias administrativas en nombre de los clientes.<\/li>\n<li>Guardamuebles y almacenamiento de tus enseres.<\/li>\n<li>Elaboraci\u00f3n del presupuesto y seguimiento del mismo mediante comunicaciones entre ambas partes.<\/li>\n<li>Informaci\u00f3n por medios electr\u00f3nicos, que versen sobre tu solicitud.<\/li>\n<li>Informaci\u00f3n comercial o de eventos por medios electr\u00f3nicos, siempre que exista autorizaci\u00f3n expresa.<\/li>\n<li>Gestionar los servicios administrativos, de comunicaciones y de log\u00edstica realizados por el Responsable.<\/li>\n<\/ul>\n<ul>\n<li>Realizar las transacciones que correspondan. Facturaci\u00f3n y declaraci\u00f3n de los impuestos oportunos. Gestiones de control y recobro.<\/li>\n<\/ul>\n<h3>\u00bfCu\u00e1l es la legitimaci\u00f3n para el tratamiento de tus datos?<\/h3>\n<p>La base legal es tu consentimiento.\u00a0Le recordamos que podr\u00e1 revocar el consentimiento en cualquier momento.<\/p>\n<h3>+ PROVEEDORES Y COLABORADORES.<\/h3>\n<h3>\u00bfCon que finalidades vamos a tratar tus datos personales?<\/h3>\n<ul>\n<li>Informaci\u00f3n por medios electr\u00f3nicos, que versen sobre tu solicitud.<\/li>\n<li>Informaci\u00f3n comercial o de eventos por medios electr\u00f3nicos, siempre que exista autorizaci\u00f3n expresa.<\/li>\n<li>Gestionar los servicios administrativos, de comunicaciones y de log\u00edstica realizados por el Responsable. En ciertos casos, mandaremos por mailchimp correos\u00a0a los mails corporativos, para compartir las rutas de transporte en las que tenemos disponibilidad para hacer mudanzas. Mailchimp utiliza la tecnolog\u00eda p\u00edxel, que nos permite hacer una anal\u00edtica b\u00e1sica. As\u00edmismo, realiza una transferencia internacional de datos de las cuentas de correos que introducirmos en el software, a estados unidos, que est\u00e1 habilitada por el convenio Privacy Shield USA-UE.<\/li>\n<li>Realizar las transacciones que correspondan. Facturaci\u00f3n y declaraci\u00f3n de los impuestos oportunos. Gestiones de control y recobro.<\/li>\n<\/ul>\n<h3>\u00bfCu\u00e1l es la legitimaci\u00f3n para el tratamiento de tus datos?<\/h3>\n<p>La base legal es la aceptaci\u00f3n de una relaci\u00f3n contractual, o en su defecto tu consentimiento al contactar con nosotros u ofrecernos sus productos por alguna v\u00eda. Le recordamos que podr\u00e1 revocar el consentimiento en cualquier momento.<\/p>\n<h3>+ SOCIOS<\/h3>\n<h3>\u00bfCon que finalidades vamos a tratar tus datos personales?<\/h3>\n<ul>\n<li>Organizaci\u00f3n de las actuaciones necesarias para la consecuci\u00f3n de los fines de la sociedad<\/li>\n<li>Gesti\u00f3n interna y cumplimiento legal de la misma.<\/li>\n<li>Convocatoria de juntas.<\/li>\n<\/ul>\n<ul>\n<li>Realizar las transacciones que correspondan.<\/li>\n<li>Declaraci\u00f3n de los impuestos oportunos.<\/li>\n<\/ul>\n<h3>\u00bfCu\u00e1l es la legitimaci\u00f3n para el tratamiento de tus datos?<\/h3>\n<p>La base legal es contractual, la aceptaci\u00f3n de un contrato bien de compraventa de acciones o similar, o bien la participaci\u00f3n en la constituci\u00f3n de la sociedad.<\/p>\n<h3>+ CONTACTOS REDES SOCIALES<\/h3>\n<h3>\u00bfCon que finalidades vamos a tratar tus datos personales?<\/h3>\n<ul>\n<li>Contestar a tus consultas, solicitudes\u00a0\u00a0o peticiones.<\/li>\n<li>Gestionar el servicio solicitado, contestar tu solicitud, o tramitar tu petici\u00f3n.<\/li>\n<li>Relacionarnos contigo y crear una comunidad de seguidores.<\/li>\n<li>Animarte a seguirnos y participar en los consursos espor\u00e1dicos que organicemos.<\/li>\n<\/ul>\n<h3>\u00bfCu\u00e1l es la legitimaci\u00f3n para el tratamiento de tus datos?<\/h3>\n<p>La aceptaci\u00f3n de una relaci\u00f3n contractual en el entorno de la red social que corresponda, y conforme a sus pol\u00edticas de Privacidad:<\/p>\n<p>Facebook\u00a0\u00a0\u00a0\u00a0\u00a0\u00a0<a href=\"http:\/\/www.facebook.com\/policy.php?ref=pf\">http:\/\/www.facebook.com\/policy.php?ref=pf<\/a><\/p>\n<p>Instagram\u00a0\u00a0\u00a0\u00a0\u00a0\u00a0<a href=\"https:\/\/help.instagram.com\/155833707900388\">https:\/\/help.instagram.com\/155833707900388<\/a><\/p>\n<p>Twitter\u00a0\u00a0\u00a0\u00a0\u00a0\u00a0\u00a0\u00a0\u00a0\u00a0\u00a0<a href=\"http:\/\/twitter.com\/privacy\">http:\/\/twitter.com\/privacy<\/a><\/p>\n<p>Linkedin\u00a0\u00a0\u00a0\u00a0\u00a0\u00a0\u00a0\u00a0\u00a0<a href=\"http:\/\/www.linkedin.com\/legal\/privacy-policy?trk=hb_ft_priv\">http:\/\/www.linkedin.com\/legal\/privacy-policy?trk=hb_ft_priv<\/a><\/p>\n<p>Pinterest\u00a0\u00a0\u00a0\u00a0\u00a0\u00a0\u00a0\u00a0<a href=\"https:\/\/about.pinterest.com\/es\/privacy-policy\">https:\/\/about.pinterest.com\/es\/privacy-policy<\/a><\/p>\n<p>Google*\u00a0\u00a0\u00a0\u00a0\u00a0\u00a0\u00a0\u00a0\u00a0<a href=\"http:\/\/www.google.com\/intl\/es\/policies\/privacy\/\">http:\/\/www.google.com\/intl\/es\/policies\/privacy\/<\/a><br \/>\n*(Google+ y Youtube)<\/p>\n<p>Google Ads:\u00a0\u00a0<a href=\"https:\/\/policies.google.com\/technologies\/partner-sites\" target=\"_blank\" rel=\"noopener\">https:\/\/policies.google.com\/technologies\/partner-sites<\/a><\/p>\n<h3>\u00bfDurante cu\u00e1nto tiempo vamos a mantener los datos personales?<\/h3>\n<p>S\u00f3lo podemos consultar o dar de baja tus datos de forma restringida al tener un perfil espec\u00edfico. Los trataremos tanto tiempo como tu nos dejes sigui\u00e9ndonos, siendo amigos o d\u00e1ndole a \u201cme gusta\u201d, \u201cseguir\u201d o botones similares.<\/p>\n<p>Cualquier rectificaci\u00f3n de tus datos o restricci\u00f3n de informaci\u00f3n o de publicaciones debes realizarla a trav\u00e9s de la configuraci\u00f3n de tu perfil o usuario en la propia red social.<\/p>\n<h3>+ VIDEOVIGILANCIA<\/h3>\n<h3>\u00bfCon que finalidades vamos a tratar tus datos personales?<\/h3>\n<ul>\n<li>Videovigilancia de nuestras instalaciones.<\/li>\n<li>En ocasiones se pueden ceder a los juzgados y tribunales para el ejercicio de acciones legitimas.<\/li>\n<\/ul>\n<h3>\u00bfCu\u00e1l es la legitimaci\u00f3n para el tratamiento de tus datos?<\/h3>\n<p>Nuestro inter\u00e9s leg\u00edtimo en proteger las instalaciones.<\/p>\n<h3>\u00bfCon que finalidades vamos a tratar tus datos personales?<\/h3>\n<ul>\n<li>Enviarte las comunicaciones de la comunidad y hacerte part\u00edcipe de su funcionamiento.<\/li>\n<li>Cobrarte las cuotas oportunas, as\u00ed como todos los procedimientos que de las mismas deriven.<\/li>\n<li>Hacerte part\u00edcipe de las Juntas ordinarias y extraordinarias.<\/li>\n<\/ul>\n<h3>\u00bfCu\u00e1l es la legitimaci\u00f3n para el tratamiento de tus datos?<\/h3>\n<p>La base legal es la aceptaci\u00f3n de una relaci\u00f3n contractual basada en la constituci\u00f3n de una comunidad de propietarios, conforme a la Ley de Propiedad Horizontal.<\/p>\n<h3>+ DEMANDANTES DE EMPLEO<\/h3>\n<h3>\u00bfCon que finalidades vamos a tratar tus datos personales?<\/h3>\n<ul>\n<li>Organizaci\u00f3n de procesos de selecci\u00f3n para la contrataci\u00f3n de empleados.<\/li>\n<\/ul>\n<ul>\n<li>Citarte para entrevistas de trabajo y evaluar tu candidatura.<\/li>\n<li>Si nos has dado tu consentimiento, podremos mantener tu CV para nuevas convocatorias de empleo.<\/li>\n<li>Si nos has dado tu consentimiento, se lo podremos ceder a empresas colaboradoras o afines, con el \u00fanico objetivo de ayudarte a encontrar empleo.<\/li>\n<\/ul>\n<h3>\u00bfCu\u00e1l es la legitimaci\u00f3n para el tratamiento de tus datos?<\/h3>\n<p>La base legal es tu consentimiento inequ\u00edvoco, al entregarnos tu CV y recibir y firmar informaci\u00f3n relativa a los tratamientos que vamos a efectuar.<\/p>\n<h3>\u00bfIncluimos datos personales de terceras personas?<\/h3>\n<p>No, como norma general s\u00f3lo tratamos los datos que nos facilitan los titulares. Si el nos aportas datos de terceros, deber\u00e1s con car\u00e1cter previo, informar y solicitar su consentimiento a dichas personas, o de lo contrario nos eximes de cualquier responsabilidad por el incumplimiento de \u00e9ste requisito.<\/p>\n<h3>\u00bfY datos de menores?<\/h3>\n<p>No tratamos datos de menores de 14 a\u00f1os, por tanto, abst\u00e9ngase de facilitarlos si no tiene esa edad.<\/p>\n<h3>\u00bfRealizaremos comunicaciones por medios electr\u00f3nicos?<\/h3>\n<ul>\n<li>S\u00f3lo se realizar\u00e1n para gestionar tu solicitud, si es uno de los medios de contacto que nos ha facilitado.<\/li>\n<li>Si realizamos comunicaciones comerciales habr\u00e1n sido previa y expresamente\u00a0autorizadas por t\u00ed.<\/li>\n<\/ul>\n<h3>\u00bfQu\u00e9 medidas de seguridad aplicamos?<\/h3>\n<p>Puedes estar tranquilo: Hemos adoptado un nivel \u00f3ptimo de protecci\u00f3n de los Datos Personales que manejamos, y hemos instalado todos los medios y medidas t\u00e9cnicas a nuestra disposici\u00f3n seg\u00fan el estado de la tecnolog\u00eda para evitar la p\u00e9rdida, mal uso, alteraci\u00f3n, acceso no autorizado y robo de los Datos Personales.<\/p>\n<h3>\u00bfA qu\u00e9 destinatarios se comunicar\u00e1n tus datos?<\/h3>\n<p>Tus datos no se ceder\u00e1n a terceros, salvo obligaci\u00f3n legal. En concreto se comunicar\u00e1n a la Agencia Estatal de la Administraci\u00f3n Tributaria y a bancos y entidades financieras para el cobro del servicio prestado o producto adquirido Como a los encargados del tratamiento necesarios para la ejecuci\u00f3n del acuerdo.<\/p>\n<p>En caso de compra o pago, si eliges alguna aplicaci\u00f3n, web, plataforma, tarjeta bancaria, o alg\u00fan otro servicio online, tus datos se ceder\u00e1n a esa plataforma o se tratar\u00e1n en su entorno, siempre con la m\u00e1xima seguridad.<\/p>\n<p>Cuando se lo ordenemos, tendr\u00e1n acceso a nuestra web la empresa de desarrollo y mantenimiento web, o la de hosting. Las mismas tendr\u00e1n firmado un contrato de prestaci\u00f3n de servicios que les obliga a mantener el mismo nivel de privacidad que nosotros.<\/p>\n<p>Usaremos colaboradores en los distintos pa\u00edses donde damos servicios, para auxiliarnos, que pueden suponer transferencias internacionales de datos.\u00a0Estos presadores podr\u00e1n realizar tareas de la mudanza en nuestro nombre, y les podremos dar tus datos para que te contacten y presten servicios en nuestro nombre, bajo el acuerdo de prestaci\u00f3n de servicios que tendremos firmado con ellos. La transferencia est\u00e1 habilitada porque es necesaria para la prestaci\u00f3n de una relaci\u00f3n contractual.<\/p>\n<p>Usamos aplicaciones que pueden implicar una Transferencia Internacional de datos a Estados Unidos. \u00c9sta \u00fanicamente se realizar\u00e1 a entidades que hayan demostrado y que se hayan comprometido a trav\u00e9s de cl\u00e1usulas contractuales tipo (en ingl\u00e9s SCCs) a cumplir con el nivel de protecci\u00f3n y garant\u00edas de acuerdo con los par\u00e1metros y exigencias previstas en la normativa europea vigente en materia de protecci\u00f3n de datos, como el Reglamento Europeo, o cuando exista un habilitaci\u00f3n legal para realizar la transferencia internacional.<\/p>\n<h3>\u00bfQu\u00e9 Derechos tienes?<\/h3>\n<ul>\n<li>A saber si estamos tratando tus datos o no.<\/li>\n<li>A acceder a tus datos personales.<\/li>\n<li>A solicitar la rectificaci\u00f3n de tus datos si son inexactos.<\/li>\n<li>A solicitar la supresi\u00f3n de tus datos si ya no son necesarios para los fines para los que fueron recogidos o si nos retiras el consentimiento otorgado.<\/li>\n<li>A solicitar la limitaci\u00f3n del tratamiento de sus datos, en algunos supuestos, en cuyo caso s\u00f3lo los conservaremos de acuerdo con la normativa vigente.<\/li>\n<li>A portar tus datos, que te ser\u00e1n facilitados en un formato estructurado, de uso com\u00fan o lectura mec\u00e1nica. Si lo prefieres, se los podemos enviar al nuevo responsable que nos designes. S\u00f3lo es v\u00e1lido en determinados supuestos.<\/li>\n<li>A presentar una reclamaci\u00f3n ante la Agencia Espa\u00f1ola de Protecci\u00f3n de Datos, si crees que no te hemos atendido correctamente.<\/li>\n<li>A revocar el consentimiento para cualquier tratamiento para el que hayas consentido, en cualquier momento.<\/li>\n<\/ul>\n<p>Si modificas alg\u00fan dato, te agradecemos que nos lo comuniques para mantenerlos actualizados.<\/p>\n<h3>\u00bfQuieres un formulario para el ejercicio de Derechos?<\/h3>\n<ul>\n<li>Tenemos formularios para el ejercicio de tus derechos, p\u00eddenoslos por\u00a0email o si lo prefieres, puedes usar los elaborados por la Agencia Espa\u00f1ola de Protecci\u00f3n de Datos o terceros.<\/li>\n<li>Estos formularios deben ir firmados electr\u00f3nicamente o ser acompa\u00f1ados de fotocopia del DNI.<\/li>\n<li>Si te representa alguien, debes adjuntarnos copia de su DNI, o que lo firme con su firma electr\u00f3nica.<\/li>\n<li>Los formularios pueden ser presentados presencialmente, enviados por carta o por mail en la direcci\u00f3n del Responsable al inicio de este texto.<\/li>\n<\/ul>\n<h3>\u00bfCu\u00e1nto tardamos en contestarte al Ejercicio de Derechos?<\/h3>\n<p>Depende del derecho, pero como m\u00e1ximo en un mes desde tu solicitud, y dos meses si el tema es muy complejo y te notificamos que necesitamos m\u00e1s tiempo.<\/p>\n<h3>\u00bfTratamos cookies?<\/h3>\n<p>Si usamos otro tipo de cookies que no sean las necesarias, podr\u00e1s consultar la pol\u00edtica de cookies en el enlace correspondiente desde el inicio de nuestra web.<\/p>\n<h3>\u00bfDurante cu\u00e1nto tiempo vamos a mantener tus datos personales?<\/h3>\n<ul>\n<li>Los datos personales ser\u00e1n mantenidos mientras sigas vinculado con nosotros.<\/li>\n<li>Una vez te desvincules, los datos personales tratados en cada finalidad se mantendr\u00e1n durante los plazos legalmente previstos, inclu\u00eddo el plazo en el que un juez o tribunal los pueda requerir atendiendo al plazo de prescripci\u00f3n de acciones judiciales.<\/li>\n<li>Los datos tratados se mantendr\u00e1n en tanto no expiren los plazos legales aludidos anteriormente, si hubiera obligaci\u00f3n legal de mantenimiento, o de no existir ese plazo legal, hasta que el interesado solicite su supresi\u00f3n o revoque el consentimiento otorgado.<\/li>\n<li>Mantendremos toda la informaci\u00f3n y comunicaciones relativas a tu compra o a la prestaci\u00f3n de nuestro servicio, mientras duren las garant\u00edas de los productos o servicios, para atender posibles reclamaciones.<\/li>\n<li>En cada tratamiento o tipolog\u00eda de datos, te facilitamos un periodo espec\u00edfico, que puedes consultar en la siguiente tabla:<\/li>\n<\/ul>\n<table>\n<tbody>\n<tr>\n<td>Celda 1<\/td>\n<td>Celda 2<\/td>\n<td>Celda 3<\/td>\n<\/tr>\n<tr>\n<td>Celda 4<\/td>\n<td>Celda 5<\/td>\n<td>Celda 6<\/td>\n<\/tr>\n<tr>\n<td>Celda 4<\/td>\n<td>Celda 5<\/td>\n<td>Celda 6<\/td>\n<\/tr>\n<tr>\n<td>Celda 4<\/td>\n<td>Celda 5<\/td>\n<td>Celda 6<\/td>\n<\/tr>\n<tr>\n<td>Celda 4<\/td>\n<td>Celda 5<\/td>\n<td>Celda 6<\/td>\n<\/tr>\n<\/tbody>\n<\/table>\n","protected":false},"excerpt":{"rendered":"<p>POL\u00cdTICA DE PRIVACIDAD PRIVACIDAD \u2013 INFORMACI\u00d3N AMPLIADA La Pol\u00edtica de Privacidad forma parte de las Condiciones Generales que rigen la presente\u00a0Web. \u00bfQui\u00e9n es el responsable del tratamiento de tus datos? van der Ent Mudanzas Internacionales SL.\u00a0\u00a0CIF: B92093418 Domicilio: Calle Mar\u00eda Malibr\u00e1n 10, oficina 1D P.I. Tr\u00e9venez 29590 M\u00e1laga. Tfno: +34 952587619 Mail:\u00a0administracion@vanderentmudanzas.com Puedes dirigirte de&hellip; <a class=\"more-link\" href=\"https:\/\/vanderentmudanzas.com\/de\/politica-de-privacidad\/\"><span class=\"screen-reader-text\">Pol\u00edtica de Privacidad<\/span> weiterlesen<\/a><\/p>\n","protected":false},"author":1,"featured_media":0,"parent":0,"menu_order":0,"comment_status":"closed","ping_status":"closed","template":"elementor_header_footer","meta":{"_joinchat":[],"footnotes":""},"class_list":["post-3099","page","type-page","status-publish","hentry","entry"],"_links":{"self":[{"href":"https:\/\/vanderentmudanzas.com\/de\/wp-json\/wp\/v2\/pages\/3099","targetHints":{"allow":["GET"]}}],"collection":[{"href":"https:\/\/vanderentmudanzas.com\/de\/wp-json\/wp\/v2\/pages"}],"about":[{"href":"https:\/\/vanderentmudanzas.com\/de\/wp-json\/wp\/v2\/types\/page"}],"author":[{"embeddable":true,"href":"https:\/\/vanderentmudanzas.com\/de\/wp-json\/wp\/v2\/users\/1"}],"replies":[{"embeddable":true,"href":"https:\/\/vanderentmudanzas.com\/de\/wp-json\/wp\/v2\/comments?post=3099"}],"version-history":[{"count":60,"href":"https:\/\/vanderentmudanzas.com\/de\/wp-json\/wp\/v2\/pages\/3099\/revisions"}],"predecessor-version":[{"id":7476,"href":"https:\/\/vanderentmudanzas.com\/de\/wp-json\/wp\/v2\/pages\/3099\/revisions\/7476"}],"wp:attachment":[{"href":"https:\/\/vanderentmudanzas.com\/de\/wp-json\/wp\/v2\/media?parent=3099"}],"curies":[{"name":"wp","href":"https:\/\/api.w.org\/{rel}","templated":true}]}}